{"id":291,"date":"2023-01-13T10:16:09","date_gmt":"2023-01-13T09:16:09","guid":{"rendered":"https:\/\/inspirations-aborigenes.fr\/?page_id=291"},"modified":"2023-01-17T09:19:57","modified_gmt":"2023-01-17T08:19:57","slug":"le-declic","status":"publish","type":"page","link":"https:\/\/www.inspirationsaborigenes.fr\/?page_id=291","title":{"rendered":"LE DECLIC"},"content":{"rendered":"\n<p class=\"has-medium-font-size\">L\u2019art aborig\u00e8ne est un paradoxe, il est \u00e0 la fois consid\u00e9r\u00e9 comme un art dit \u00ab&nbsp;premier&nbsp;\u00bb ou primitif&nbsp;\u00bb, plus ancienne tradition artistique de la plan\u00e8te, et, sous sa forme actuelle, un art qui s\u2019expose dans toutes les galeries et mus\u00e9es d\u2019art contemporain. Il nous entra\u00eene dans 2 directions oppos\u00e9es vers la mondialisation du beau, et c\u2019est une bonne chose&nbsp;! Enfin&nbsp;! D\u00e9sormais les connaissances et les cultures des peuples aborig\u00e8nes et insulaires du d\u00e9troit de Torres sont reconnues, respect\u00e9es, c\u00e9l\u00e9br\u00e9es et valoris\u00e9es.<\/p>\n\n\n\n<p class=\"has-medium-font-size\">J\u2019entends souvent dire que l\u2019art aborig\u00e8ne serait un ph\u00e9nom\u00e8ne de mode. Ce n\u2019est pas du tout la r\u00e9alit\u00e9, cela sous entendrait qu\u2019il serait passager aussi. Sans avoir d\u2019\u00e9criture, l\u2019expression artistique et culturelle autochtone persiste, elle est enracin\u00e9e, oralement, depuis des milliers d\u2019ann\u00e9es d\u2019h\u00e9ritages et de pratiques continues.&nbsp;Son caract\u00e8re unique est reconnu \u00e0 l\u2019international.<\/p>\n\n\n\n<p class=\"has-medium-font-size\">Apr\u00e8s un accident de la vie, j\u2019ai pris mon billet d\u2019avion, j&rsquo;ai fait la connaissance des peuples aborig\u00e8nes australiens lors d&rsquo;un s\u00e9jour de 3 mois en Australie, en sillonnant le bush, le d\u00e9sert, les mines d&rsquo;or et d&rsquo;opales de Coober Pedy, cit\u00e9 mini\u00e8re troglodyte au c\u0153ur de l&rsquo;Outback, et bien sur toutes les grandes m\u00e9tropoles du bord de mer.<\/p>\n\n\n\n<p class=\"has-medium-font-size\">Au pied de l&rsquo;Uluru&nbsp;:&nbsp;Ayers Rock, et des Olga&rsquo;s, j&rsquo;ai crois\u00e9 le regard grave et p\u00e9n\u00e9trant de ces \u00eatres purs. Cela m&rsquo;a marqu\u00e9 \u00e0 vie. C&rsquo;\u00e9tait un choc, comme si je revenais chez moi, et que ces gens soi-disant dits \u00ab\u00a0primitifs\u00a0\u00bb \u00e9taient de ma famille. J\u2019ai pris des centaines de photos, parl\u00e9 avec des femmes. A mon retour, j&rsquo;ai \u00e9tudi\u00e9 leurs chants, leurs peintures, avec de longues recherches iconographiques sur le symbolisme de leurs peintures.<\/p>\n\n\n\n<p class=\"has-medium-font-size\">Durant le vol de retour, le destin m\u2019a fait croiser le chemin de John Mawurndjul, qui venait peindre les plafonds du Mus\u00e9e du Quai Branly. Il a r\u00e9pondu \u00e0 mes questions sur son peuple. Ce qui m\u2019a profond\u00e9ment marqu\u00e9, c\u2019est la profondeur de son regard, sa sagesse, comme une rencontre de deux vieilles \u00e2mes, comme si l\u2019on se connaissait depuis toujours&nbsp;!!<\/p>\n\n\n<div class=\"wp-block-image\">\n<figure class=\"aligncenter size-full is-resized\"><img decoding=\"async\" src=\"https:\/\/inspirations-aborigenes.fr\/wp-content\/uploads\/2023\/01\/john.jpg\" alt=\"\" class=\"wp-image-182\" width=\"818\" height=\"461\" srcset=\"https:\/\/www.inspirationsaborigenes.fr\/wp-content\/uploads\/2023\/01\/john.jpg 1091w, https:\/\/www.inspirationsaborigenes.fr\/wp-content\/uploads\/2023\/01\/john-300x169.jpg 300w, https:\/\/www.inspirationsaborigenes.fr\/wp-content\/uploads\/2023\/01\/john-1024x577.jpg 1024w, https:\/\/www.inspirationsaborigenes.fr\/wp-content\/uploads\/2023\/01\/john-768x433.jpg 768w\" sizes=\"(max-width: 818px) 100vw, 818px\" \/><\/figure>\n<\/div>\n\n\n<p class=\"has-medium-font-size\">Ce voyage a chang\u00e9 ma vie, et ma personne, je souhaiterai faire conna\u00eetre l\u2019art et la culture aborig\u00e8ne autour de moi. N\u2019ayant jamais appris \u00e0 peindre, j\u2019ai donc toutes les libert\u00e9s de cr\u00e9er selon mes \u00e9motions et mon inspiration..<\/p>\n\n\n\n<p class=\"has-medium-font-size\">Je ne copie absolument pas leurs peintures. Je m\u2019inspire de fa\u00e7on contemporaine de leurs symboles et th\u00e9matiques. Aucune pr\u00e9tention d\u2019utiliser leurs symboles sacr\u00e9s ou de d\u00e9finir mes peintures comme \u00ab <em>aborig\u00e8nes<\/em>&nbsp;\u00bb, mais plut\u00f4t&nbsp;d\u2019\u00ab&nbsp;<em>inspirations aborig\u00e8nes<\/em>&nbsp;\u00bb. Je reconnais que les artistes aborig\u00e8nes sont les gardiens de leur propri\u00e9t\u00e9 intellectuelle et culturelle.<\/p>\n\n\n\n<p class=\"has-medium-font-size\">Allez suivez moi, je vous emm\u00e8ne dans mes Inspirations Aborig\u00e8nes&nbsp;!!!<\/p>\n\n\n<div class=\"wp-block-image\">\n<figure class=\"aligncenter size-large is-resized\"><img decoding=\"async\" src=\"https:\/\/inspirations-aborigenes.fr\/wp-content\/uploads\/2023\/01\/fauteuil-1024x768.jpg\" alt=\"\" class=\"wp-image-667\" width=\"614\" height=\"461\" srcset=\"https:\/\/www.inspirationsaborigenes.fr\/wp-content\/uploads\/2023\/01\/fauteuil-1024x768.jpg 1024w, https:\/\/www.inspirationsaborigenes.fr\/wp-content\/uploads\/2023\/01\/fauteuil-300x225.jpg 300w, https:\/\/www.inspirationsaborigenes.fr\/wp-content\/uploads\/2023\/01\/fauteuil-768x576.jpg 768w, https:\/\/www.inspirationsaborigenes.fr\/wp-content\/uploads\/2023\/01\/fauteuil-1140x855.jpg 1140w, https:\/\/www.inspirationsaborigenes.fr\/wp-content\/uploads\/2023\/01\/fauteuil.jpg 1280w\" sizes=\"(max-width: 614px) 100vw, 614px\" \/><figcaption class=\"wp-element-caption\"><strong>Allez  je vous emm\u00e8ne !!<\/strong><\/figcaption><\/figure>\n<\/div>\n\n\n<p><\/p>\n","protected":false},"excerpt":{"rendered":"<p>L\u2019art aborig\u00e8ne est un paradoxe, il est \u00e0 la fois consid\u00e9r\u00e9 comme un art dit \u00ab&nbsp;premier&nbsp;\u00bb ou primitif&nbsp;\u00bb, plus ancienne tradition artistique de la plan\u00e8te, et, sous sa forme actuelle, un art qui s\u2019expose dans toutes les galeries et mus\u00e9es d\u2019art contemporain. Il nous entra\u00eene dans 2 directions oppos\u00e9es vers la mondialisation du beau, et c\u2019est une bonne chose&nbsp;! Enfin&nbsp;! D\u00e9sormais les connaissances et les cultures des peuples aborig\u00e8nes et insulaires du d\u00e9troit de Torres sont reconnues, respect\u00e9es, c\u00e9l\u00e9br\u00e9es et valoris\u00e9es. J\u2019entends souvent dire que l\u2019art aborig\u00e8ne serait un ph\u00e9nom\u00e8ne de mode. Ce n\u2019est pas du tout la r\u00e9alit\u00e9, cela sous entendrait qu\u2019il serait passager aussi. Sans avoir d\u2019\u00e9criture, l\u2019expression artistique et culturelle autochtone persiste, elle est enracin\u00e9e, oralement, depuis des milliers d\u2019ann\u00e9es d\u2019h\u00e9ritages et de pratiques continues.&nbsp;Son caract\u00e8re unique est reconnu \u00e0 l\u2019international. Apr\u00e8s un accident de la vie, j\u2019ai pris mon billet d\u2019avion, j&rsquo;ai fait la connaissance des peuples aborig\u00e8nes australiens lors d&rsquo;un s\u00e9jour de 3 mois en Australie, en sillonnant le bush, le d\u00e9sert, les mines d&rsquo;or et d&rsquo;opales de Coober Pedy, cit\u00e9 mini\u00e8re troglodyte au c\u0153ur de l&rsquo;Outback, et bien sur toutes les grandes m\u00e9tropoles du bord de mer. Au pied de l&rsquo;Uluru&nbsp;:&nbsp;Ayers Rock, et des Olga&rsquo;s, j&rsquo;ai crois\u00e9 le regard grave et p\u00e9n\u00e9trant de ces \u00eatres purs. Cela m&rsquo;a marqu\u00e9 \u00e0 vie. C&rsquo;\u00e9tait un choc, comme si je revenais chez moi, et que ces gens soi-disant dits \u00ab\u00a0primitifs\u00a0\u00bb \u00e9taient de ma famille. J\u2019ai pris des centaines de photos, parl\u00e9 avec des femmes. A mon retour, j&rsquo;ai \u00e9tudi\u00e9 leurs chants, leurs peintures, avec de longues recherches iconographiques sur le symbolisme de leurs peintures. Durant le vol de retour, le destin m\u2019a fait croiser le chemin de John Mawurndjul, qui venait peindre les plafonds du Mus\u00e9e du Quai Branly. Il a r\u00e9pondu \u00e0 mes questions sur son peuple. Ce qui m\u2019a profond\u00e9ment marqu\u00e9, c\u2019est la profondeur de son regard, sa sagesse, comme une rencontre de deux vieilles \u00e2mes, comme si l\u2019on se connaissait depuis toujours&nbsp;!! Ce voyage a chang\u00e9 ma vie, et ma personne, je souhaiterai faire conna\u00eetre l\u2019art et la culture aborig\u00e8ne autour de moi. N\u2019ayant jamais appris \u00e0 peindre, j\u2019ai donc toutes les libert\u00e9s de cr\u00e9er selon mes \u00e9motions et mon inspiration.. Je ne copie absolument pas leurs peintures. Je m\u2019inspire de fa\u00e7on contemporaine de leurs symboles et th\u00e9matiques. Aucune pr\u00e9tention d\u2019utiliser leurs symboles sacr\u00e9s ou de d\u00e9finir mes peintures comme \u00ab aborig\u00e8nes&nbsp;\u00bb, mais plut\u00f4t&nbsp;d\u2019\u00ab&nbsp;inspirations aborig\u00e8nes&nbsp;\u00bb. Je reconnais que les artistes aborig\u00e8nes sont les gardiens de leur propri\u00e9t\u00e9 intellectuelle et culturelle. Allez suivez moi, je vous emm\u00e8ne dans mes Inspirations Aborig\u00e8nes&nbsp;!!!<\/p>\n","protected":false},"author":2,"featured_media":0,"parent":0,"menu_order":0,"comment_status":"closed","ping_status":"closed","template":"","meta":{"footnotes":""},"class_list":["post-291","page","type-page","status-publish","hentry"],"_links":{"self":[{"href":"https:\/\/www.inspirationsaborigenes.fr\/index.php?rest_route=\/wp\/v2\/pages\/291","targetHints":{"allow":["GET"]}}],"collection":[{"href":"https:\/\/www.inspirationsaborigenes.fr\/index.php?rest_route=\/wp\/v2\/pages"}],"about":[{"href":"https:\/\/www.inspirationsaborigenes.fr\/index.php?rest_route=\/wp\/v2\/types\/page"}],"author":[{"embeddable":true,"href":"https:\/\/www.inspirationsaborigenes.fr\/index.php?rest_route=\/wp\/v2\/users\/2"}],"replies":[{"embeddable":true,"href":"https:\/\/www.inspirationsaborigenes.fr\/index.php?rest_route=%2Fwp%2Fv2%2Fcomments&post=291"}],"version-history":[{"count":0,"href":"https:\/\/www.inspirationsaborigenes.fr\/index.php?rest_route=\/wp\/v2\/pages\/291\/revisions"}],"wp:attachment":[{"href":"https:\/\/www.inspirationsaborigenes.fr\/index.php?rest_route=%2Fwp%2Fv2%2Fmedia&parent=291"}],"curies":[{"name":"wp","href":"https:\/\/api.w.org\/{rel}","templated":true}]}}